                                                                                                                                                                                                                                                                                                                                                                                                                                                                                                                                                                                                                                                                                                                                                                                                                                                        {"id":11221,"date":"2026-03-22T21:12:47","date_gmt":"2026-03-22T20:12:47","guid":{"rendered":"https:\/\/konzervatorbrno.eu\/klavirnikurzy\/?page_id=11221"},"modified":"2026-08-26T09:15:08","modified_gmt":"2026-08-26T07:15:08","slug":"festival-2025","status":"publish","type":"page","link":"https:\/\/konzervatorbrno.eu\/klavirnikurzy\/festival-2025\/","title":{"rendered":"Festival 2025"},"content":{"rendered":"\n<div class=\"wp-block-group is-vertical is-layout-flex wp-container-core-group-is-layout-4fc3f8e1 wp-block-group-is-layout-flex\">\n<div class=\"wp-block-group is-vertical is-layout-flex wp-container-core-group-is-layout-4fc3f8e1 wp-block-group-is-layout-flex\">\n<div class=\"wp-block-group is-vertical is-content-justification-center is-layout-flex wp-container-core-group-is-layout-524f8de7 wp-block-group-is-layout-flex\">\n<p class=\"has-text-align-center wp-block-paragraph\">Festival &#8222;\u010cty\u0159i setk\u00e1n\u00ed s hudbou&#8220;, kter\u00fd se od roku 2013 pravideln\u011b kon\u00e1 v&nbsp;r\u00e1mci klav\u00edrn\u00edch kurz\u016f \u201ePr\u00e1zdninov\u00e9 rozehr\u00e1v\u00e1n\u00ed\u201c, bude leto\u0161n\u00edho roku zam\u011b\u0159en na oslavu jubile\u00ed v\u00fdznamn\u00fdch skladatel\u016f.<\/p>\n\n\n\n<p class=\"has-text-align-center wp-block-paragraph\">                                     Zazn\u00ed jak tvorba s\u00f3lov\u00e1, tak i komorn\u00ed nap\u0159\u00ed\u010d v\u0161emi stylov\u00fdmi obdob\u00edmi.<\/p>\n\n\n\n<p class=\"has-text-align-center wp-block-paragraph\"><em>Ve\u0161ker\u00e9 festivalov\u00e9 koncerty a p\u0159edn\u00e1\u0161ky se budou konat v&nbsp;koncertn\u00edm s\u00e1le Leo\u0161e Jan\u00e1\u010dka, Lu\u017e\u00e1neck\u00e1 14. <\/em><\/p>\n<\/div>\n<\/div>\n<\/div>\n\n\n\n<hr class=\"wp-block-separator has-alpha-channel-opacity\"\/>\n\n\n\n<div class=\"wp-block-group is-vertical is-layout-flex wp-container-core-group-is-layout-4fc3f8e1 wp-block-group-is-layout-flex\">\n<div class=\"wp-block-group is-vertical is-layout-flex wp-container-core-group-is-layout-4fc3f8e1 wp-block-group-is-layout-flex\">\n<div class=\"wp-block-group is-vertical is-layout-flex wp-container-core-group-is-layout-4fc3f8e1 wp-block-group-is-layout-flex\">\n<p class=\"wp-block-paragraph\"><strong><em>23. <span>8. 2025 v 18:00 \u2013 Zahajovac\u00ed koncert pedagog\u016f \u201eOd Bacha po Bart\u00f3ka\u201c<\/span><\/em><\/strong><\/p>\n\n\n\n<p class=\"wp-block-paragraph\"><em>Vystoup\u00ed pedagogov\u00e9 brn\u011bnsk\u00e9 Konzervato\u0159e a jejich host\u00e9 \u2013 koncertn\u00ed um\u011blci: <\/em><\/p>\n\n\n\n<p class=\"wp-block-paragraph\"><em><strong>Petr Feldmann, Dominik G\u00e1l, Maro\u0161 Klat\u00edk, David Pa\u0161a<\/strong><\/em><strong>,<\/strong> <em><strong> Lenka Titzov\u00e1<\/strong><\/em><\/p>\n\n\n\n<p class=\"has-text-color has-link-color has-small-font-size wp-elements-5993cf4408b5039edca089b1936fb71b wp-block-paragraph\" style=\"color:#605d5d\">Zazn\u00ed skladby od J. S. Bacha, F. Chopina, L. Jan\u00e1\u010dka, B. Bart\u00f3ka.<\/p>\n<\/div>\n<\/div>\n<\/div>\n\n\n\n<div class=\"wp-block-group is-vertical is-content-justification-center is-layout-flex wp-container-core-group-is-layout-524f8de7 wp-block-group-is-layout-flex\">\n<div class=\"wp-block-group is-vertical is-content-justification-center is-layout-flex wp-container-core-group-is-layout-20d0575b wp-block-group-is-layout-flex\">\n<div class=\"wp-block-columns is-layout-flex wp-container-core-columns-is-layout-8f761849 wp-block-columns-is-layout-flex\">\n<div class=\"wp-block-column is-layout-flow wp-block-column-is-layout-flow\">\n<div class=\"wp-block-columns is-layout-flex wp-container-core-columns-is-layout-8f761849 wp-block-columns-is-layout-flex\">\n<div class=\"wp-block-column is-layout-flow wp-block-column-is-layout-flow\">\n<figure class=\"wp-block-gallery has-nested-images columns-default is-cropped wp-block-gallery-1 is-layout-flex wp-block-gallery-is-layout-flex\"><div class=\"wp-block-image\">\n<figure class=\"aligncenter size-full\"><img loading=\"lazy\" decoding=\"async\" width=\"717\" height=\"1024\" data-id=\"11084\" src=\"https:\/\/konzervatorbrno.eu\/klavirnikurzy\/wp-content\/uploads\/2025\/08\/Feldmann-Petr-717x1024-1.webp\" alt=\"\" class=\"wp-image-11084\" srcset=\"https:\/\/konzervatorbrno.eu\/klavirnikurzy\/wp-content\/uploads\/2025\/08\/Feldmann-Petr-717x1024-1.webp 717w, https:\/\/konzervatorbrno.eu\/klavirnikurzy\/wp-content\/uploads\/2025\/08\/Feldmann-Petr-717x1024-1-210x300.webp 210w\" sizes=\"auto, (max-width: 717px) 100vw, 717px\" \/><\/figure>\n<\/div><\/figure>\n<\/div>\n\n\n\n<div class=\"wp-block-column is-layout-flow wp-block-column-is-layout-flow\"><div class=\"wp-block-image\">\n<figure class=\"aligncenter size-full\"><img loading=\"lazy\" decoding=\"async\" width=\"494\" height=\"792\" src=\"https:\/\/konzervatorbrno.eu\/klavirnikurzy\/wp-content\/uploads\/2025\/03\/gal_dominik-edited-1.jpg\" alt=\"\" class=\"wp-image-2923\" style=\"aspect-ratio:2\/3;object-fit:cover\" srcset=\"https:\/\/konzervatorbrno.eu\/klavirnikurzy\/wp-content\/uploads\/2025\/03\/gal_dominik-edited-1.jpg 494w, https:\/\/konzervatorbrno.eu\/klavirnikurzy\/wp-content\/uploads\/2025\/03\/gal_dominik-edited-1-187x300.jpg 187w\" sizes=\"auto, (max-width: 494px) 100vw, 494px\" \/><\/figure>\n<\/div><\/div>\n<\/div>\n<\/div>\n\n\n\n<div class=\"wp-block-column is-layout-flow wp-block-column-is-layout-flow\">\n<div class=\"wp-block-columns is-layout-flex wp-container-core-columns-is-layout-8f761849 wp-block-columns-is-layout-flex\">\n<div class=\"wp-block-column is-layout-flow wp-block-column-is-layout-flow\"><div class=\"wp-block-image\">\n<figure class=\"aligncenter size-full\"><img loading=\"lazy\" decoding=\"async\" width=\"183\" height=\"275\" src=\"https:\/\/konzervatorbrno.eu\/klavirnikurzy\/wp-content\/uploads\/2025\/03\/images.jpg\" alt=\"\" class=\"wp-image-2926\" style=\"aspect-ratio:2\/3;object-fit:cover\"\/><\/figure>\n<\/div><\/div>\n\n\n\n<div class=\"wp-block-column is-layout-flow wp-block-column-is-layout-flow\"><div class=\"wp-block-image\">\n<figure class=\"aligncenter size-large\"><img loading=\"lazy\" decoding=\"async\" width=\"683\" height=\"1024\" src=\"https:\/\/konzervatorbrno.eu\/klavirnikurzy\/wp-content\/uploads\/2025\/03\/David-Pasa-683x1024.jpg\" alt=\"\" class=\"wp-image-2928\" srcset=\"https:\/\/konzervatorbrno.eu\/klavirnikurzy\/wp-content\/uploads\/2025\/03\/David-Pasa-683x1024.jpg 683w, https:\/\/konzervatorbrno.eu\/klavirnikurzy\/wp-content\/uploads\/2025\/03\/David-Pasa-200x300.jpg 200w, https:\/\/konzervatorbrno.eu\/klavirnikurzy\/wp-content\/uploads\/2025\/03\/David-Pasa-768x1152.jpg 768w, https:\/\/konzervatorbrno.eu\/klavirnikurzy\/wp-content\/uploads\/2025\/03\/David-Pasa.jpg 1000w\" sizes=\"auto, (max-width: 683px) 100vw, 683px\" \/><\/figure>\n<\/div><\/div>\n<\/div>\n<\/div>\n\n\n\n<div class=\"wp-block-column is-layout-flow wp-block-column-is-layout-flow\">\n<div class=\"wp-block-columns is-layout-flex wp-container-core-columns-is-layout-8f761849 wp-block-columns-is-layout-flex\">\n<div class=\"wp-block-column is-layout-flow wp-block-column-is-layout-flow\">\n<div class=\"wp-block-columns is-layout-flex wp-container-core-columns-is-layout-8f761849 wp-block-columns-is-layout-flex\">\n<div class=\"wp-block-column is-layout-flow wp-block-column-is-layout-flow\">\n<div class=\"wp-block-columns is-layout-flex wp-container-core-columns-is-layout-8f761849 wp-block-columns-is-layout-flex\">\n<div class=\"wp-block-column is-layout-flow wp-block-column-is-layout-flow\">\n<figure class=\"wp-block-image size-full\"><img loading=\"lazy\" decoding=\"async\" width=\"553\" height=\"800\" src=\"https:\/\/konzervatorbrno.eu\/klavirnikurzy\/wp-content\/uploads\/2025\/03\/DSC_2071.jpg\" alt=\"\" class=\"wp-image-3023\" style=\"aspect-ratio:2\/3;object-fit:cover\" srcset=\"https:\/\/konzervatorbrno.eu\/klavirnikurzy\/wp-content\/uploads\/2025\/03\/DSC_2071.jpg 553w, https:\/\/konzervatorbrno.eu\/klavirnikurzy\/wp-content\/uploads\/2025\/03\/DSC_2071-207x300.jpg 207w\" sizes=\"auto, (max-width: 553px) 100vw, 553px\" \/><\/figure>\n<\/div>\n\n\n\n<div class=\"wp-block-column is-layout-flow wp-block-column-is-layout-flow\"><\/div>\n<\/div>\n<\/div>\n<\/div>\n<\/div>\n<\/div>\n<\/div>\n<\/div>\n\n\n\n<p class=\"wp-block-paragraph\"><\/p>\n<\/div>\n<\/div>\n\n\n\n<hr class=\"wp-block-separator has-alpha-channel-opacity\"\/>\n\n\n\n<div class=\"wp-block-group is-vertical is-layout-flex wp-container-core-group-is-layout-4fc3f8e1 wp-block-group-is-layout-flex\">\n<div class=\"wp-block-group is-vertical is-layout-flex wp-container-core-group-is-layout-4fc3f8e1 wp-block-group-is-layout-flex\">\n<p class=\"wp-block-paragraph\"><em><strong>24. 8. 2025 v 19:00 \u2013 Koncert komorn\u00ed hudby: Klav\u00edrn\u00ed kvarteto Josefa Suka <\/strong><br><strong>Pavel Zemen<\/strong> \u2013 klav\u00edr,<\/em><strong><em> Radim Kresta \u2013 <\/em><\/strong><em>housle<\/em><strong><em>, Eva Krestov\u00e1 \u2013 <\/em><\/strong><em>viola<\/em><strong><em>, Aneta \u0160ud\u00e1<\/em><\/strong><em><strong>kov\u00e1<\/strong> \u2013 violoncello<\/em><\/p>\n\n\n\n<p class=\"has-text-color has-link-color has-small-font-size wp-elements-f40900f7e5f2b73a09174ea0c789633c wp-block-paragraph\" style=\"color:#605d5d\">P\u0159edstav\u00ed dv\u011b st\u011b\u017eejn\u00ed d\u00edla komorn\u00edho reperto\u00e1ru, klav\u00edrn\u00ed kvartety od Gabriela Faur\u00e9ho a v\u00fdznamn\u00e9ho loty\u0161sk\u00e9ho skladatele P\u0113terise Vaskse.<\/p>\n<\/div>\n<\/div>\n\n\n<div class=\"wp-block-image\">\n<figure class=\"aligncenter size-full\"><img loading=\"lazy\" decoding=\"async\" width=\"800\" height=\"554\" src=\"https:\/\/konzervatorbrno.eu\/klavirnikurzy\/wp-content\/uploads\/2025\/03\/Josef-Suk-Piano-Quartet_c_Petra-Hajska.jpg\" alt=\"\" class=\"wp-image-2956\" srcset=\"https:\/\/konzervatorbrno.eu\/klavirnikurzy\/wp-content\/uploads\/2025\/03\/Josef-Suk-Piano-Quartet_c_Petra-Hajska.jpg 800w, https:\/\/konzervatorbrno.eu\/klavirnikurzy\/wp-content\/uploads\/2025\/03\/Josef-Suk-Piano-Quartet_c_Petra-Hajska-300x208.jpg 300w, https:\/\/konzervatorbrno.eu\/klavirnikurzy\/wp-content\/uploads\/2025\/03\/Josef-Suk-Piano-Quartet_c_Petra-Hajska-768x532.jpg 768w\" sizes=\"auto, (max-width: 800px) 100vw, 800px\" \/><\/figure>\n<\/div>\n\n\n<p class=\"wp-block-paragraph\"><\/p>\n\n\n\n<hr class=\"wp-block-separator has-alpha-channel-opacity\"\/>\n\n\n\n<div class=\"wp-block-group is-vertical is-layout-flex wp-container-core-group-is-layout-4fc3f8e1 wp-block-group-is-layout-flex\">\n<p class=\"wp-block-paragraph\"><strong><em>28. 8. 2025 v 15:00 \u2013 Koncert \u00fa\u010dastn\u00edk\u016f Jan\u00e1\u010dkovy d\u00edlny<\/em><\/strong><\/p>\n\n\n\n<p class=\"has-text-color has-link-color has-small-font-size wp-elements-f6016d178bfa6a76128cebc9aa4048da wp-block-paragraph\" style=\"color:#605d5d\">Mlad\u00ed pianist\u00e9 p\u0159edstav\u00ed d\u00edla pro \u010dty\u0159ru\u010dn\u00ed, \u0161estiru\u010dn\u00ed a osmiru\u010dn\u00ed klav\u00edr s&nbsp;p\u0159evahou \u010desk\u00fdch autor\u016f, zejm\u00e9na pak&nbsp;d\u00edla Leo\u0161e Jan\u00e1\u010dka.<\/p>\n<\/div>\n\n\n<div class=\"wp-block-image\">\n<figure class=\"aligncenter size-full\"><img loading=\"lazy\" decoding=\"async\" width=\"800\" height=\"555\" src=\"https:\/\/konzervatorbrno.eu\/klavirnikurzy\/wp-content\/uploads\/2025\/03\/resize-image-online.com_1740926501_dsc-0411-lmkg4ki1_C8x4TN3H.jpg\" alt=\"\" class=\"wp-image-2969\" srcset=\"https:\/\/konzervatorbrno.eu\/klavirnikurzy\/wp-content\/uploads\/2025\/03\/resize-image-online.com_1740926501_dsc-0411-lmkg4ki1_C8x4TN3H.jpg 800w, https:\/\/konzervatorbrno.eu\/klavirnikurzy\/wp-content\/uploads\/2025\/03\/resize-image-online.com_1740926501_dsc-0411-lmkg4ki1_C8x4TN3H-300x208.jpg 300w, https:\/\/konzervatorbrno.eu\/klavirnikurzy\/wp-content\/uploads\/2025\/03\/resize-image-online.com_1740926501_dsc-0411-lmkg4ki1_C8x4TN3H-768x533.jpg 768w\" sizes=\"auto, (max-width: 800px) 100vw, 800px\" \/><\/figure>\n<\/div>\n\n\n<p class=\"wp-block-paragraph\"><\/p>\n\n\n\n<hr class=\"wp-block-separator has-alpha-channel-opacity\"\/>\n\n\n\n<div class=\"wp-block-group is-vertical is-layout-flex wp-container-core-group-is-layout-4fc3f8e1 wp-block-group-is-layout-flex\">\n<p class=\"wp-block-paragraph\"><strong><em>29. 8. 2025 v 14:30 \u2013 Z\u00e1v\u011bre\u010dn\u00fd koncert \u00fa\u010dastn\u00edk\u016f klav\u00edrn\u00edch kurz\u016f<\/em> &#8222;Pr\u00e1zdninov\u00e9 rozehr\u00e1v\u00e1n\u00ed<\/strong>&#8222;<\/p>\n\n\n\n<p class=\"has-text-color has-link-color has-small-font-size wp-elements-a46934769a83558b96017bb11ad4f32e wp-block-paragraph\" style=\"color:#605d5d\">Je z\u00e1rove\u0148 i z\u00e1v\u011brem festivalu, na kter\u00e9m vystoup\u00ed vybran\u00ed \u00fa\u010dastn\u00edci kurz\u016f v&nbsp;s\u00f3lov\u00fdch i komorn\u00edch klav\u00edrn\u00edch \u010d\u00edslech. V&nbsp;druh\u00e9 \u010d\u00e1sti programu vystoup\u00ed sbor <strong>\u201eBrn\u011bnsk\u00e1 noti\u010dka\u201c<\/strong> slo\u017een\u00fd z&nbsp;\u00fa\u010dastn\u00edk\u016f kurz\u016f pod veden\u00edm sbormistryn\u011b <strong>Natalie Chirilenco.<\/strong><\/p>\n<\/div>\n\n\n<div class=\"wp-block-image\">\n<figure class=\"aligncenter size-full\"><img loading=\"lazy\" decoding=\"async\" width=\"800\" height=\"554\" src=\"https:\/\/konzervatorbrno.eu\/klavirnikurzy\/wp-content\/uploads\/2025\/03\/DSC_0466.jpg\" alt=\"\" class=\"wp-image-2977\" srcset=\"https:\/\/konzervatorbrno.eu\/klavirnikurzy\/wp-content\/uploads\/2025\/03\/DSC_0466.jpg 800w, https:\/\/konzervatorbrno.eu\/klavirnikurzy\/wp-content\/uploads\/2025\/03\/DSC_0466-300x208.jpg 300w, https:\/\/konzervatorbrno.eu\/klavirnikurzy\/wp-content\/uploads\/2025\/03\/DSC_0466-768x532.jpg 768w\" sizes=\"auto, (max-width: 800px) 100vw, 800px\" \/><\/figure>\n<\/div>\n\n\n<p class=\"wp-block-paragraph\"><\/p>\n\n\n\n<hr class=\"wp-block-separator has-alpha-channel-opacity\"\/>\n\n\n\n<p class=\"has-text-align-center has-extra-large-font-size wp-block-paragraph\"><strong>Dopl\u0148uj\u00edc\u00ed program festivalu<\/strong><\/p>\n\n\n\n<div class=\"wp-block-group is-vertical is-layout-flex wp-container-core-group-is-layout-4fc3f8e1 wp-block-group-is-layout-flex\">\n<p class=\"wp-block-paragraph\"><strong><em>26. 8. 2025 \u201eProch\u00e1zka po Brn\u011b s&nbsp;Jan\u00e1\u010dkem\u201c<\/em><\/strong><\/p>\n\n\n\n<p class=\"has-text-color has-link-color wp-elements-68b3203a4f77340587022fe2b6797823 wp-block-paragraph\" style=\"color:#605d5d\">Odborn\u00e9ho v\u00fdkladu se ujme v\u00fdznamn\u00fd host festivalu, <strong>doc. PhDr. Ji\u0159\u00ed Zahr\u00e1dka Ph.D.<\/strong><\/p>\n\n\n\n<hr class=\"wp-block-separator has-alpha-channel-opacity\"\/>\n\n\n\n<p class=\"has-text-align-center wp-block-paragraph\"><strong><em>27. 8. 2025 v 19:00 &#8211; Bonusov\u00fd koncert \u201cHommage \u00e0 Chopin\u201d<\/em><\/strong><\/p>\n\n\n\n<p class=\"has-text-color has-link-color wp-elements-8665fb3a369bf69fe0ee13237ce4cd3a wp-block-paragraph\" style=\"color:#605d5d\">Koncert je v\u011bnov\u00e1n 215. v\u00fdro\u010d\u00ed narozen\u00ed Fryderyka Chopina. Vystoup\u00ed studenti a absolventi Konzervato\u0159e Brno \u2013 laure\u00e1ti n\u00e1rodn\u00edch a mezin\u00e1rodn\u00edch sout\u011b\u017e\u00ed.<\/p>\n<\/div>\n\n\n\n<div class=\"wp-block-group is-vertical is-content-justification-center is-layout-flex wp-container-core-group-is-layout-524f8de7 wp-block-group-is-layout-flex\">\n<figure class=\"wp-block-image size-full\"><img loading=\"lazy\" decoding=\"async\" width=\"554\" height=\"800\" src=\"https:\/\/konzervatorbrno.eu\/klavirnikurzy\/wp-content\/uploads\/2025\/03\/120229697_3616250651742015_694272961247186881_n.jpg\" alt=\"\" class=\"wp-image-3017\" srcset=\"https:\/\/konzervatorbrno.eu\/klavirnikurzy\/wp-content\/uploads\/2025\/03\/120229697_3616250651742015_694272961247186881_n.jpg 554w, https:\/\/konzervatorbrno.eu\/klavirnikurzy\/wp-content\/uploads\/2025\/03\/120229697_3616250651742015_694272961247186881_n-208x300.jpg 208w\" sizes=\"auto, (max-width: 554px) 100vw, 554px\" \/><\/figure>\n<\/div>\n","protected":false},"excerpt":{"rendered":"<p>Festival &#8222;\u010cty\u0159i setk\u00e1n\u00ed s hudbou&#8220;, kter\u00fd se od roku 2013 pravideln\u011b kon\u00e1 v&nbsp;r\u00e1mci klav\u00edrn\u00edch kurz\u016f \u201ePr\u00e1zdninov\u00e9 rozehr\u00e1v\u00e1n\u00ed\u201c, bude leto\u0161n\u00edho roku zam\u011b\u0159en na oslavu jubile\u00ed v\u00fdznamn\u00fdch skladatel\u016f. Zazn\u00ed jak tvorba s\u00f3lov\u00e1, tak i komorn\u00ed nap\u0159\u00ed\u010d v\u0161emi stylov\u00fdmi obdob\u00edmi. Ve\u0161ker\u00e9 festivalov\u00e9 koncerty a p\u0159edn\u00e1\u0161ky se budou konat v&nbsp;koncertn\u00edm s\u00e1le Leo\u0161e Jan\u00e1\u010dka, Lu\u017e\u00e1neck\u00e1 14. 23. 8. 2025 v&hellip; <a class=\"more-link\" href=\"https:\/\/konzervatorbrno.eu\/klavirnikurzy\/festival-2025\/\">Pokra\u010dovat ve\u00a0\u010dten\u00ed <span class=\"screen-reader-text\">Festival 2025<\/span><\/a><\/p>\n","protected":false},"author":4,"featured_media":0,"parent":0,"menu_order":0,"comment_status":"closed","ping_status":"closed","template":"","meta":{"ngg_post_thumbnail":0,"footnotes":""},"class_list":["post-11221","page","type-page","status-publish","hentry","entry"],"_links":{"self":[{"href":"https:\/\/konzervatorbrno.eu\/klavirnikurzy\/wp-json\/wp\/v2\/pages\/11221","targetHints":{"allow":["GET"]}}],"collection":[{"href":"https:\/\/konzervatorbrno.eu\/klavirnikurzy\/wp-json\/wp\/v2\/pages"}],"about":[{"href":"https:\/\/konzervatorbrno.eu\/klavirnikurzy\/wp-json\/wp\/v2\/types\/page"}],"author":[{"embeddable":true,"href":"https:\/\/konzervatorbrno.eu\/klavirnikurzy\/wp-json\/wp\/v2\/users\/4"}],"replies":[{"embeddable":true,"href":"https:\/\/konzervatorbrno.eu\/klavirnikurzy\/wp-json\/wp\/v2\/comments?post=11221"}],"version-history":[{"count":1,"href":"https:\/\/konzervatorbrno.eu\/klavirnikurzy\/wp-json\/wp\/v2\/pages\/11221\/revisions"}],"predecessor-version":[{"id":11222,"href":"https:\/\/konzervatorbrno.eu\/klavirnikurzy\/wp-json\/wp\/v2\/pages\/11221\/revisions\/11222"}],"wp:attachment":[{"href":"https:\/\/konzervatorbrno.eu\/klavirnikurzy\/wp-json\/wp\/v2\/media?parent=11221"}],"curies":[{"name":"wp","href":"https:\/\/api.w.org\/{rel}","templated":true}]}}